{"id":461,"date":"2018-03-22T18:09:15","date_gmt":"2018-03-22T18:09:15","guid":{"rendered":"https:\/\/marocva.net\/?page_id=461"},"modified":"2025-11-10T19:37:33","modified_gmt":"2025-11-10T19:37:33","slug":"al-amine-plage","status":"publish","type":"page","link":"https:\/\/www.plagesmir.com\/?page_id=461","title":{"rendered":"Al Amine Plage"},"content":{"rendered":"<p><!-- Titre SEO --><\/p>\n<p><!-- Meta Description --><\/p>\n<p><!-- Contenu optimis\u00e9 --><\/p>\n<h1>Appartement \u00e0 Al Amine Plage \u2013 R\u00e9sidence familiale entre Fnideq et M\u2019diq<\/h1>\n<p>Situ\u00e9 dans le <strong>complexe touristique Al Amine Plage<\/strong>, cet appartement de <strong>92 m\u00b2<\/strong>\u00a0 au 2\u00e9me \u00e9tage vous accueille pour des <strong>vacances paisibles et familiales<\/strong> sur la c\u00f4te nord du Maroc. Il comprend <strong>2 chambres \u00e0 coucher<\/strong>, un s\u00e9jour avec coin salle \u00e0 manger, une <strong>kitchenette avec buanderie<\/strong>, ainsi qu\u2019une salle de bain avec toilettes et douche.<\/p>\n<p>La r\u00e9sidence offre un acc\u00e8s direct \u00e0 une <strong>plage surveill\u00e9e<\/strong>, une ambiance conviviale avec caf\u00e9s, restaurants, Beach club, animations sportives (volleyball, foot\u2026), une mosqu\u00e9e et un supermarch\u00e9 sur place. \u00c0 proximit\u00e9, vous trouverez <strong>Smir Park<\/strong>, la <strong>station Efriquia<\/strong> et le port de <strong>Marina Smir<\/strong> pour vos sorties et loisirs.<\/p>\n<p><!-- Bloc Proximit\u00e9 + Liens --><\/p>\n<div class=\"infos-locales\">\n<h3>\u00c0 proximit\u00e9<\/h3>\n<ul>\n<li>Smir Park \u2013 parc aquatique avec toboggans et man\u00e8ges, \u00e0 4 min<\/li>\n<li>Station Efriquia \u2013 aire de jeux et restauration rapide, \u00e0 3 min<\/li>\n<li>Port de Marina Smir \u2013 restaurants et bo\u00eetes de nuit, \u00e0 6 min<\/li>\n<\/ul>\n<h3>\u00c0 d\u00e9couvrir aussi<\/h3>\n<ul>\n<li><a href=\"https:\/\/www.plagesmir.com\/sania-plage\/\" target=\"_blank\" rel=\"noopener\">Appartement \u00e0 Sania Plage<\/a><\/li>\n<li><a href=\"https:\/\/www.plagesmir.com\/location-villas-marina-smir-puerto\/\" target=\"_blank\" rel=\"noopener\">Villa \u00e0 Marina Puerto<\/a><\/li>\n<\/ul>\n<h3>Liens utiles<\/h3>\n<ul>\n<li><a href=\"https:\/\/www.google.com\/maps\/place\/Al+Amine+Plage\" target=\"_blank\" rel=\"noopener\">Al Amine Plage sur Google Maps<\/a><\/li>\n<li><a href=\"https:\/\/www.marjane.ma\" target=\"_blank\" rel=\"noopener\">Courses \u00e0 Marjane T\u00e9touan<\/a><\/li>\n<\/ul>\n<\/div>\n<p><!-- Titre SEO --><\/p>\n<p><!-- Meta Description --><\/p>\n<p><!-- Contenu optimis\u00e9 --><\/p>\n<div class=\"infos-locales\">\u00a0<\/div>\n<p><a href=\"https:\/\/marocvagallerie.yolasite.com\/\" target=\"_blank\" rel=\"noopener\">PHOTOS<\/a><\/p>\n<p style=\"text-align: left;\"><div class=\"mphb_sc_search-wrapper \">\n<form method=\"GET\" class=\"mphb_sc_search-form\" action=\"https:\/\/www.plagesmir.com\/?page_id=720\" data-first_available_check_in_date=\"2026-04-28\">\n\n\t<input type=\"hidden\" name=\"page_id\" value=\"720\" \/><p class = \"mphb-required-fields-tip\">\n\t<small>\n\t\tLes champs obligatoires sont suivis de\t\t<abbr title=\"required\">*<\/abbr>\n\t<\/small>\n<\/p>\n\n\t<p class=\"mphb_sc_search-check-in-date\">\n\t\t<label for=\"mphb_check_in_date-mphb-search-form-69f0f1bbc99ca\">\n\t\t\tArriv\u00e9e\t\t\t<abbr title=\"Format\u00e9 comme dd\/mm\/yyyy\">*<\/abbr>\n\t\t<\/label>\n\t\t<br \/>\n\t\t<input\n\t\t\tid=\"mphb_check_in_date-mphb-search-form-69f0f1bbc99ca\"\n\t\t\tdata-datepick-group=\"mphb-search-form-69f0f1bbc99ca\"\n\t\t\tvalue=\"\"\n\t\t\tplaceholder=\"Date d&#039;arriv\u00e9e\"\n\t\t\trequired=\"required\"\n\t\t\ttype=\"text\"\n\t\t\tinputmode=\"none\"\n\t\t\tname=\"mphb_check_in_date\"\n\t\t\tclass=\"mphb-datepick\"\n\t\t\tautocomplete=\"off\"\n\t\t\t\/>\n\t<\/p>\n\n\t<p class=\"mphb_sc_search-check-out-date\">\n\t\t<label for=\"mphb_check_out_date-mphb-search-form-69f0f1bbc99ca\">\n\t\t\tD\u00e9part\t\t\t<abbr title=\"Format\u00e9 comme dd\/mm\/yyyy\">*<\/abbr>\n\t\t<\/label>\n\t\t<br \/>\n\t\t<input\n\t\t\tid=\"mphb_check_out_date-mphb-search-form-69f0f1bbc99ca\"\n\t\t\tdata-datepick-group=\"mphb-search-form-69f0f1bbc99ca\"\n\t\t\tvalue=\"\"\n\t\t\tplaceholder=\"Date de d\u00e9part\"\n\t\t\trequired=\"required\"\n\t\t\ttype=\"text\"\n\t\t\tinputmode=\"none\"\n\t\t\tname=\"mphb_check_out_date\"\n\t\t\tclass=\"mphb-datepick\"\n\t\t\tautocomplete=\"off\"\n\t\t\t\/>\n\t<\/p>\n\n\t\t\t<input type=\"hidden\" id=\"mphb_adults-mphb-search-form-69f0f1bbc99ca\" name=\"mphb_adults\" value=\"1\" \/>\n\t\n\t\t\t<input type=\"hidden\" id=\"mphb_children-mphb-search-form-69f0f1bbc99ca\" name=\"mphb_children\" value=\"0\" \/>\n\t\n\t\n\t\n\t<input id=\"mphb_check_in_date-mphb-search-form-69f0f1bbc99ca-hidden\" value=\"\" type=\"hidden\" name=\"mphb_check_in_date\" \/><input id=\"mphb_check_out_date-mphb-search-form-69f0f1bbc99ca-hidden\" value=\"\" type=\"hidden\" name=\"mphb_check_out_date\" \/>\n\t<p class=\"mphb_sc_search-submit-button-wrapper\">\n\t\t<input type=\"submit\" class=\"button\" value=\"Chercher\"\/>\n\t<\/p>\n\n\t\n<\/form>\n<\/div><\/p>\n<p><a href=\"https:\/\/marocvagallerie.yolasite.com\/\" target=\"_blank\" rel=\"noopener\">Gallery<\/a><\/p>\n\n\n<script type=\"application\/ld+json\">\n{\n  \"@context\": \"https:\/\/schema.org\",\n  \"@type\": \"LodgingBusiness\",\n  \"name\": \"Appartement Al Amine Plage\",\n  \"description\": \"Appartement de 92 m\u00b2 avec deux chambres, s\u00e9jour, coin salle \u00e0 manger, kitchenette, buanderie, douche et toilettes. Situ\u00e9 dans le complexe touristique Al Amine Plage entre Fnideq et M'diq, avec acc\u00e8s \u00e0 la plage, animations, restaurants et supermarch\u00e9.\",\n  \"address\": {\n    \"@type\": \"PostalAddress\",\n    \"addressLocality\": \"Al Amine Plage\",\n    \"addressRegion\": \"T\u00e9touan\",\n    \"addressCountry\": \"MA\"\n  },\n  \"amenityFeature\": [\n    { \"@type\": \"LocationFeatureSpecification\", \"name\": \"Acc\u00e8s plage\", \"value\": true },\n    { \"@type\": \"LocationFeatureSpecification\", \"name\": \"Animations sportives\", \"value\": true },\n    { \"@type\": \"LocationFeatureSpecification\", \"name\": \"Restaurants et caf\u00e9s\", \"value\": true },\n    { \"@type\": \"LocationFeatureSpecification\", \"name\": \"Supermarch\u00e9 sur place\", \"value\": true }\n  ],\n  \"url\": \"https:\/\/www.plagesmir.com\/al-amine-plage\/\",\n  \"image\": \"https:\/\/www.plagesmir.com\/images\/al-amine-plage.jpg\"\n}\n<\/script>\n\n\n\n<p><\/p>\n","protected":false},"excerpt":{"rendered":"<p>L&rsquo;appartement de 92 m\u00b2 \u00e0 Al Amine Plage, situ\u00e9 entre Fnideq et M&rsquo;diq, dispose de 2 chambres, d&rsquo;un s\u00e9jour, d&rsquo;une kitchenette et d&rsquo;une salle de bain. La r\u00e9sidence propose un acc\u00e8s \u00e0 une plage surveill\u00e9e, des restaurants, des caf\u00e9s et des activit\u00e9s sportives, id\u00e9al pour des vacances familiales paisibles.<\/p>\n","protected":false},"author":1,"featured_media":1592,"parent":0,"menu_order":0,"comment_status":"closed","ping_status":"closed","template":"","meta":{"advanced_seo_description":"Location appartement \u00e0 Al Amine Plage entre Fnideq et M\u2019diq \u2013 92 m\u00b2, 2 chambres, acc\u00e8s direct \u00e0 la plage surveill\u00e9e. R\u00e9sidence familiale avec caf\u00e9s, restaurants, animations sportives, mosqu\u00e9e et supermarch\u00e9. \u00c0 proximit\u00e9 : Smir Park, Marina Smir, Station Efriquia. Id\u00e9al pour des vacances en famille sur la c\u00f4te nord du Maroc.","jetpack_seo_html_title":"Appartement \u00e0 louer \u00e0 Al Amine Plage \u2013 Fnideq M\u2019diq","jetpack_seo_noindex":false,"footnotes":""},"class_list":["post-461","page","type-page","status-publish","has-post-thumbnail","hentry"],"jetpack_sharing_enabled":true,"jetpack_likes_enabled":true,"_links":{"self":[{"href":"https:\/\/www.plagesmir.com\/index.php?rest_route=\/wp\/v2\/pages\/461","targetHints":{"allow":["GET"]}}],"collection":[{"href":"https:\/\/www.plagesmir.com\/index.php?rest_route=\/wp\/v2\/pages"}],"about":[{"href":"https:\/\/www.plagesmir.com\/index.php?rest_route=\/wp\/v2\/types\/page"}],"author":[{"embeddable":true,"href":"https:\/\/www.plagesmir.com\/index.php?rest_route=\/wp\/v2\/users\/1"}],"replies":[{"embeddable":true,"href":"https:\/\/www.plagesmir.com\/index.php?rest_route=%2Fwp%2Fv2%2Fcomments&post=461"}],"version-history":[{"count":2,"href":"https:\/\/www.plagesmir.com\/index.php?rest_route=\/wp\/v2\/pages\/461\/revisions"}],"predecessor-version":[{"id":1715,"href":"https:\/\/www.plagesmir.com\/index.php?rest_route=\/wp\/v2\/pages\/461\/revisions\/1715"}],"wp:featuredmedia":[{"embeddable":true,"href":"https:\/\/www.plagesmir.com\/index.php?rest_route=\/wp\/v2\/media\/1592"}],"wp:attachment":[{"href":"https:\/\/www.plagesmir.com\/index.php?rest_route=%2Fwp%2Fv2%2Fmedia&parent=461"}],"curies":[{"name":"wp","href":"https:\/\/api.w.org\/{rel}","templated":true}]}}